{"id":131,"date":"2021-01-20T09:42:53","date_gmt":"2021-01-20T09:42:53","guid":{"rendered":"https:\/\/arboretsens.be\/?page_id=131"},"modified":"2021-01-25T10:59:01","modified_gmt":"2021-01-25T10:59:01","slug":"aide-psychologique","status":"publish","type":"page","link":"https:\/\/arboretsens.be\/index.php\/aide-psychologique\/","title":{"rendered":"Aide psychologique"},"content":{"rendered":"\n\n\n\n\t<section class=\"section\" id=\"section_575307257\">\n\t\t<div class=\"section-bg fill\" >\n\t\t\t\t\t\t\t\t\t<div class=\"section-bg-overlay absolute fill\"><\/div>\n\t\t\t\n\n\t\t<\/div>\n\n\t\t\n\n\t\t<div class=\"section-content relative\">\n\t\t\t\n\n<div class=\"row row-large align-middle\"  id=\"row-2082055678\">\n\n\n\t<div id=\"col-1673749891\" class=\"col medium-6 small-12 large-6\"  >\n\t\t\t\t<div class=\"col-inner text-left\"  >\n\t\t\t\n\t\t\t\n\n<h2 class=\"uppercase\"><img loading=\"lazy\" decoding=\"async\" class=\"alignnone wp-image-122\" src=\"https:\/\/arboretsens.be\/wp-content\/uploads\/2021\/01\/picto.png\" alt=\"\" width=\"60\" height=\"60\"> Aide psychologique<\/h2>\n<p>Les psychologues du service proposent un soutien psychologique aux demandeurs : d\u00e9tenus, victimes, justiciables ou proches d\u2019auteurs. Les entretiens ont lieu dans nos locaux ou dans les prisons de Dinant et Namur.<\/p>\n<p>Les rencontres se d\u00e9roulent en toute confidentialit\u00e9 dans le respect du secret professionnel, en toute ind\u00e9pendance de la justice et de ses services annexes (avocat, maison de justice, administration p\u00e9nitentiaire, \u2026).<\/p>\n<p>Les entretiens peuvent \u00eatre ponctuels ou r\u00e9guliers. Le cadre est fix\u00e9 lors des premiers entretiens avec le th\u00e9rapeute et tient compte des sp\u00e9cificit\u00e9s de chacun. Afin de r\u00e9pondre au mieux \u00e0 la diversit\u00e9 des demandes, il est fr\u00e9quent que ces premi\u00e8res rencontres se fassent avec deux membres de l\u2019\u00e9quipe.<\/p>\n<p>Le but des entretiens est d\u2019amener \u00e0 une meilleure compr\u00e9hension des \u00e9v\u00e8nements v\u00e9cus. A plus long terme, la prise en charge psychologique vise la reprise du d\u00e9veloppement et l\u2019\u00e9panouissement de la personne vers un \u00ab&nbsp;mieux \u00eatre&nbsp;\u00bb avec soi et les autres.<\/p>\n<p>&nbsp;<\/p>\n\n\t\t<\/div>\n\t\t\t\t\t<\/div>\n\n\t\n\n\t<div id=\"col-85617020\" class=\"col medium-6 small-12 large-6\"  >\n\t\t\t\t<div class=\"col-inner\"  >\n\t\t\t\n\t\t\t\n\n\t<div class=\"img has-hover x md-x lg-x y md-y lg-y\" id=\"image_938053575\">\n\t\t\t\t\t\t\t\t<div class=\"img-inner image-fade-out dark\" >\n\t\t\t<img loading=\"lazy\" decoding=\"async\" width=\"765\" height=\"450\" src=\"https:\/\/arboretsens.be\/wp-content\/uploads\/2021\/01\/entretien.png\" class=\"attachment-large size-large\" alt=\"\" srcset=\"https:\/\/arboretsens.be\/wp-content\/uploads\/2021\/01\/entretien.png 765w, https:\/\/arboretsens.be\/wp-content\/uploads\/2021\/01\/entretien-300x176.png 300w\" sizes=\"auto, (max-width: 765px) 100vw, 765px\" \/>\t\t\t\t\t\t\n\t\t\t\t\t<\/div>\n\t\t\t\t\t\t\t\t\n<style>\n#image_938053575 {\n  width: 100%;\n}\n<\/style>\n\t<\/div>\n\t\n\n\t<div class=\"img has-hover x md-x lg-x y md-y lg-y\" id=\"image_1534986466\">\n\t\t\t\t\t\t\t\t<div class=\"img-inner box-shadow-2 dark\" >\n\t\t\t\t\t\t\t\t\t\n\t\t\t\t\t<\/div>\n\t\t\t\t\t\t\t\t\n<style>\n#image_1534986466 {\n  width: 100%;\n}\n<\/style>\n\t<\/div>\n\t\n\n\n\t\t<\/div>\n\t\t\t\t\t<\/div>\n\n\t\n\n<\/div>\n\n\t\t<\/div>\n\n\t\t\n<style>\n#section_575307257 {\n  padding-top: 60px;\n  padding-bottom: 60px;\n  background-color: rgb(255, 255, 255);\n}\n#section_575307257 .section-bg-overlay {\n  background-color: rgba(255, 255, 255, 0.85);\n}\n<\/style>\n\t<\/section>\n\t\n\n\n<div class=\"message-box relative dark\" style=\"padding-top:36px;padding-bottom:36px;\"><div class=\"message-box-bg-image bg-fill fill\" ><\/div><div class=\"message-box-bg-overlay bg-fill fill\" style=\"background-color:rgb(74, 74, 74);\"><\/div><div class=\"container relative\"><div class=\"inner last-reset\">\n\n<div class=\"row align-middle\"  id=\"row-1203623710\">\n\n\n\t<div id=\"col-641652704\" class=\"col medium-9 small-12 large-9\"  >\n\t\t\t\t<div class=\"col-inner\"  >\n\t\t\t\n\t\t\t\n\n<h3 class=\"uppercase\">Tous nos services sont gratuits, couverts par le secret professionnel et ind\u00e9pendants du monde judiciaire.<\/h3>\n\n\t\t<\/div>\n\t\t\t\t\t<\/div>\n\n\t\n\n\t<div id=\"col-631667103\" class=\"col medium-3 small-12 large-3\"  >\n\t\t\t\t<div class=\"col-inner text-right\"  >\n\t\t\t\n\t\t\t\n\n<a data-animate=\"flipInY\" href=\"https:\/\/arboretsens.be\/index.php\/contact\/\" class=\"button white is-outline is-larger\" >\n\t\t<span>CONTACT<\/span>\n\t<\/a>\n\n\n\n\t\t<\/div>\n\t\t\t\t\t<\/div>\n\n\t\n\n<\/div>\n\n<\/div><\/div><\/div>\n\n","protected":false},"excerpt":{"rendered":"","protected":false},"author":1,"featured_media":0,"parent":0,"menu_order":0,"comment_status":"closed","ping_status":"closed","template":"page-blank.php","meta":{"_exactmetrics_skip_tracking":false,"_exactmetrics_sitenote_active":false,"_exactmetrics_sitenote_note":"","_exactmetrics_sitenote_category":0,"footnotes":""},"class_list":["post-131","page","type-page","status-publish","hentry"],"yoast_head":"<!-- This site is optimized with the Yoast SEO plugin v26.8 - https:\/\/yoast.com\/product\/yoast-seo-wordpress\/ -->\n<title>Aide psychologique - Arboretsens asbl<\/title>\n<meta name=\"description\" content=\"Les psychologues du service proposent un soutien psychologique aux demandeurs : d\u00e9tenus, victimes, justiciables ou proches d\u2019auteurs. Les entretiens ont lieu \u00e0 Dinant et Namur.\" \/>\n<meta name=\"robots\" content=\"index, follow, max-snippet:-1, max-image-preview:large, max-video-preview:-1\" \/>\n<link rel=\"canonical\" href=\"https:\/\/arboretsens.be\/index.php\/aide-psychologique\/\" \/>\n<meta property=\"og:locale\" content=\"fr_FR\" \/>\n<meta property=\"og:type\" content=\"article\" \/>\n<meta property=\"og:title\" content=\"Aide psychologique - Arboretsens asbl\" \/>\n<meta property=\"og:description\" content=\"Les psychologues du service proposent un soutien psychologique aux demandeurs : d\u00e9tenus, victimes, justiciables ou proches d\u2019auteurs. Les entretiens ont lieu \u00e0 Dinant et Namur.\" \/>\n<meta property=\"og:url\" content=\"https:\/\/arboretsens.be\/index.php\/aide-psychologique\/\" \/>\n<meta property=\"og:site_name\" content=\"Arboretsens asbl\" \/>\n<meta property=\"article:modified_time\" content=\"2021-01-25T10:59:01+00:00\" \/>\n<meta property=\"og:image\" content=\"https:\/\/arboretsens.be\/wp-content\/uploads\/2021\/01\/picto.png\" \/>\n<meta name=\"twitter:card\" content=\"summary_large_image\" \/>\n<meta name=\"twitter:label1\" content=\"Dur\u00e9e de lecture estim\u00e9e\" \/>\n\t<meta name=\"twitter:data1\" content=\"3 minutes\" \/>\n<script type=\"application\/ld+json\" class=\"yoast-schema-graph\">{\"@context\":\"https:\/\/schema.org\",\"@graph\":[{\"@type\":\"WebPage\",\"@id\":\"https:\/\/arboretsens.be\/index.php\/aide-psychologique\/\",\"url\":\"https:\/\/arboretsens.be\/index.php\/aide-psychologique\/\",\"name\":\"Aide psychologique - Arboretsens asbl\",\"isPartOf\":{\"@id\":\"https:\/\/arboretsens.be\/#website\"},\"primaryImageOfPage\":{\"@id\":\"https:\/\/arboretsens.be\/index.php\/aide-psychologique\/#primaryimage\"},\"image\":{\"@id\":\"https:\/\/arboretsens.be\/index.php\/aide-psychologique\/#primaryimage\"},\"thumbnailUrl\":\"https:\/\/arboretsens.be\/wp-content\/uploads\/2021\/01\/picto.png\",\"datePublished\":\"2021-01-20T09:42:53+00:00\",\"dateModified\":\"2021-01-25T10:59:01+00:00\",\"description\":\"Les psychologues du service proposent un soutien psychologique aux demandeurs : d\u00e9tenus, victimes, justiciables ou proches d\u2019auteurs. Les entretiens ont lieu \u00e0 Dinant et Namur.\",\"breadcrumb\":{\"@id\":\"https:\/\/arboretsens.be\/index.php\/aide-psychologique\/#breadcrumb\"},\"inLanguage\":\"fr-FR\",\"potentialAction\":[{\"@type\":\"ReadAction\",\"target\":[\"https:\/\/arboretsens.be\/index.php\/aide-psychologique\/\"]}]},{\"@type\":\"ImageObject\",\"inLanguage\":\"fr-FR\",\"@id\":\"https:\/\/arboretsens.be\/index.php\/aide-psychologique\/#primaryimage\",\"url\":\"https:\/\/arboretsens.be\/wp-content\/uploads\/2021\/01\/picto.png\",\"contentUrl\":\"https:\/\/arboretsens.be\/wp-content\/uploads\/2021\/01\/picto.png\",\"width\":140,\"height\":140},{\"@type\":\"BreadcrumbList\",\"@id\":\"https:\/\/arboretsens.be\/index.php\/aide-psychologique\/#breadcrumb\",\"itemListElement\":[{\"@type\":\"ListItem\",\"position\":1,\"name\":\"Home\",\"item\":\"https:\/\/arboretsens.be\/\"},{\"@type\":\"ListItem\",\"position\":2,\"name\":\"Aide psychologique\"}]},{\"@type\":\"WebSite\",\"@id\":\"https:\/\/arboretsens.be\/#website\",\"url\":\"https:\/\/arboretsens.be\/\",\"name\":\"Arbor&Sens asbl\",\"description\":\"Service la\u00efque d\u2019Aide aux Justiciables de la Province de Namur\",\"publisher\":{\"@id\":\"https:\/\/arboretsens.be\/#organization\"},\"potentialAction\":[{\"@type\":\"SearchAction\",\"target\":{\"@type\":\"EntryPoint\",\"urlTemplate\":\"https:\/\/arboretsens.be\/?s={search_term_string}\"},\"query-input\":{\"@type\":\"PropertyValueSpecification\",\"valueRequired\":true,\"valueName\":\"search_term_string\"}}],\"inLanguage\":\"fr-FR\"},{\"@type\":\"Organization\",\"@id\":\"https:\/\/arboretsens.be\/#organization\",\"name\":\"Arbor&Sens asbl - Service la\u00efque d\u2019Aide aux Justiciables de la Province de Namur\",\"url\":\"https:\/\/arboretsens.be\/\",\"logo\":{\"@type\":\"ImageObject\",\"inLanguage\":\"fr-FR\",\"@id\":\"https:\/\/arboretsens.be\/#\/schema\/logo\/image\/\",\"url\":\"https:\/\/arboretsens.be\/wp-content\/uploads\/2021\/01\/logo-ArborSens-ASBL-350.png\",\"contentUrl\":\"https:\/\/arboretsens.be\/wp-content\/uploads\/2021\/01\/logo-ArborSens-ASBL-350.png\",\"width\":350,\"height\":354,\"caption\":\"Arbor&Sens asbl - Service la\u00efque d\u2019Aide aux Justiciables de la Province de Namur\"},\"image\":{\"@id\":\"https:\/\/arboretsens.be\/#\/schema\/logo\/image\/\"}}]}<\/script>\n<!-- \/ Yoast SEO plugin. -->","yoast_head_json":{"title":"Aide psychologique - Arboretsens asbl","description":"Les psychologues du service proposent un soutien psychologique aux demandeurs : d\u00e9tenus, victimes, justiciables ou proches d\u2019auteurs. Les entretiens ont lieu \u00e0 Dinant et Namur.","robots":{"index":"index","follow":"follow","max-snippet":"max-snippet:-1","max-image-preview":"max-image-preview:large","max-video-preview":"max-video-preview:-1"},"canonical":"https:\/\/arboretsens.be\/index.php\/aide-psychologique\/","og_locale":"fr_FR","og_type":"article","og_title":"Aide psychologique - Arboretsens asbl","og_description":"Les psychologues du service proposent un soutien psychologique aux demandeurs : d\u00e9tenus, victimes, justiciables ou proches d\u2019auteurs. Les entretiens ont lieu \u00e0 Dinant et Namur.","og_url":"https:\/\/arboretsens.be\/index.php\/aide-psychologique\/","og_site_name":"Arboretsens asbl","article_modified_time":"2021-01-25T10:59:01+00:00","og_image":[{"url":"https:\/\/arboretsens.be\/wp-content\/uploads\/2021\/01\/picto.png","type":"","width":"","height":""}],"twitter_card":"summary_large_image","twitter_misc":{"Dur\u00e9e de lecture estim\u00e9e":"3 minutes"},"schema":{"@context":"https:\/\/schema.org","@graph":[{"@type":"WebPage","@id":"https:\/\/arboretsens.be\/index.php\/aide-psychologique\/","url":"https:\/\/arboretsens.be\/index.php\/aide-psychologique\/","name":"Aide psychologique - Arboretsens asbl","isPartOf":{"@id":"https:\/\/arboretsens.be\/#website"},"primaryImageOfPage":{"@id":"https:\/\/arboretsens.be\/index.php\/aide-psychologique\/#primaryimage"},"image":{"@id":"https:\/\/arboretsens.be\/index.php\/aide-psychologique\/#primaryimage"},"thumbnailUrl":"https:\/\/arboretsens.be\/wp-content\/uploads\/2021\/01\/picto.png","datePublished":"2021-01-20T09:42:53+00:00","dateModified":"2021-01-25T10:59:01+00:00","description":"Les psychologues du service proposent un soutien psychologique aux demandeurs : d\u00e9tenus, victimes, justiciables ou proches d\u2019auteurs. Les entretiens ont lieu \u00e0 Dinant et Namur.","breadcrumb":{"@id":"https:\/\/arboretsens.be\/index.php\/aide-psychologique\/#breadcrumb"},"inLanguage":"fr-FR","potentialAction":[{"@type":"ReadAction","target":["https:\/\/arboretsens.be\/index.php\/aide-psychologique\/"]}]},{"@type":"ImageObject","inLanguage":"fr-FR","@id":"https:\/\/arboretsens.be\/index.php\/aide-psychologique\/#primaryimage","url":"https:\/\/arboretsens.be\/wp-content\/uploads\/2021\/01\/picto.png","contentUrl":"https:\/\/arboretsens.be\/wp-content\/uploads\/2021\/01\/picto.png","width":140,"height":140},{"@type":"BreadcrumbList","@id":"https:\/\/arboretsens.be\/index.php\/aide-psychologique\/#breadcrumb","itemListElement":[{"@type":"ListItem","position":1,"name":"Home","item":"https:\/\/arboretsens.be\/"},{"@type":"ListItem","position":2,"name":"Aide psychologique"}]},{"@type":"WebSite","@id":"https:\/\/arboretsens.be\/#website","url":"https:\/\/arboretsens.be\/","name":"Arbor&Sens asbl","description":"Service la\u00efque d\u2019Aide aux Justiciables de la Province de Namur","publisher":{"@id":"https:\/\/arboretsens.be\/#organization"},"potentialAction":[{"@type":"SearchAction","target":{"@type":"EntryPoint","urlTemplate":"https:\/\/arboretsens.be\/?s={search_term_string}"},"query-input":{"@type":"PropertyValueSpecification","valueRequired":true,"valueName":"search_term_string"}}],"inLanguage":"fr-FR"},{"@type":"Organization","@id":"https:\/\/arboretsens.be\/#organization","name":"Arbor&Sens asbl - Service la\u00efque d\u2019Aide aux Justiciables de la Province de Namur","url":"https:\/\/arboretsens.be\/","logo":{"@type":"ImageObject","inLanguage":"fr-FR","@id":"https:\/\/arboretsens.be\/#\/schema\/logo\/image\/","url":"https:\/\/arboretsens.be\/wp-content\/uploads\/2021\/01\/logo-ArborSens-ASBL-350.png","contentUrl":"https:\/\/arboretsens.be\/wp-content\/uploads\/2021\/01\/logo-ArborSens-ASBL-350.png","width":350,"height":354,"caption":"Arbor&Sens asbl - Service la\u00efque d\u2019Aide aux Justiciables de la Province de Namur"},"image":{"@id":"https:\/\/arboretsens.be\/#\/schema\/logo\/image\/"}}]}},"_links":{"self":[{"href":"https:\/\/arboretsens.be\/index.php\/wp-json\/wp\/v2\/pages\/131","targetHints":{"allow":["GET"]}}],"collection":[{"href":"https:\/\/arboretsens.be\/index.php\/wp-json\/wp\/v2\/pages"}],"about":[{"href":"https:\/\/arboretsens.be\/index.php\/wp-json\/wp\/v2\/types\/page"}],"author":[{"embeddable":true,"href":"https:\/\/arboretsens.be\/index.php\/wp-json\/wp\/v2\/users\/1"}],"replies":[{"embeddable":true,"href":"https:\/\/arboretsens.be\/index.php\/wp-json\/wp\/v2\/comments?post=131"}],"version-history":[{"count":5,"href":"https:\/\/arboretsens.be\/index.php\/wp-json\/wp\/v2\/pages\/131\/revisions"}],"predecessor-version":[{"id":197,"href":"https:\/\/arboretsens.be\/index.php\/wp-json\/wp\/v2\/pages\/131\/revisions\/197"}],"wp:attachment":[{"href":"https:\/\/arboretsens.be\/index.php\/wp-json\/wp\/v2\/media?parent=131"}],"curies":[{"name":"wp","href":"https:\/\/api.w.org\/{rel}","templated":true}]}}